{"id":3,"date":"2020-05-10T16:44:38","date_gmt":"2020-05-10T14:44:38","guid":{"rendered":"https:\/\/www.sonja-weber-reitkunst.de\/wordpress2\/?page_id=3"},"modified":"2020-10-31T20:57:52","modified_gmt":"2020-10-31T19:57:52","slug":"datenschutzerklaerung","status":"publish","type":"page","link":"https:\/\/www.sonja-weber-reitkunst.de\/filme\/datenschutzerklaerung\/","title":{"rendered":"Urheberrecht, Datenschutz und AGB"},"content":{"rendered":"\t\t<div data-elementor-type=\"wp-page\" data-elementor-id=\"3\" class=\"elementor elementor-3\" data-elementor-settings=\"[]\">\n\t\t\t\t\t\t<div class=\"elementor-inner\">\n\t\t\t\t\t\t\t<div class=\"elementor-section-wrap\">\n\t\t\t\t\t\t\t<section class=\"elementor-section elementor-top-section elementor-element elementor-element-4dd13962 elementor-section-boxed elementor-section-height-default elementor-section-height-default\" data-id=\"4dd13962\" data-element_type=\"section\">\n\t\t\t\t\t\t<div class=\"elementor-container elementor-column-gap-default\">\n\t\t\t\t\t\t\t<div class=\"elementor-row\">\n\t\t\t\t\t<div class=\"elementor-column elementor-col-100 elementor-top-column elementor-element elementor-element-586eeef0\" data-id=\"586eeef0\" data-element_type=\"column\">\n\t\t\t<div class=\"elementor-column-wrap elementor-element-populated\">\n\t\t\t\t\t\t\t<div class=\"elementor-widget-wrap\">\n\t\t\t\t\t\t<div class=\"elementor-element elementor-element-36a172d9 elementor-widget elementor-widget-text-editor\" data-id=\"36a172d9\" data-element_type=\"widget\" data-widget_type=\"text-editor.default\">\n\t\t\t\t<div class=\"elementor-widget-container\">\n\t\t\t\t\t\t\t\t<div class=\"elementor-text-editor elementor-clearfix\">\n\t\t\t\t\t<p><!-- wp:heading --><\/p>\n<h2>Urheberrecht, Datenschutz und AGB &#8211; Sonja Weber Reitkunst Film- und Lernportal<\/h2>\n<p><!-- \/wp:heading --><\/p>\n<p><!-- wp:heading --><\/p>\n<h2>Urheberrecht<\/h2>\n<p><!-- \/wp:heading --><\/p>\n<p><!-- wp:paragraph --><\/p>\n<p>Das Sonja Weber Reitkunst Film- und Lernportals sowie alle dort zur Verf\u00fcgung gestellten Inhalte unterliegen dem Urheberrecht und sind als \u201eGeistiges Eigentum\u201c von Sonja Weber anzusehen. Dieses fasst die Schutzrechte von Urheberrecht und gewerblichen Rechtsschutz zusammen.<\/p>\n<p><!-- \/wp:paragraph --><\/p>\n<p><!-- wp:paragraph --><\/p>\n<p>Wird durch eine <strong>widerrechtliche Verwertung<\/strong> von urheberrechtlichen Werken gegen das Recht am geistigen Eigentum versto\u00dfen, kann dies <strong>strafrechtliche Konsequenzen<\/strong> nach sich ziehen. M\u00f6glich ist das dann, wenn der Gesch\u00e4digte einen <strong>Antrag auf Strafverfolgung<\/strong> stellt, denn eine automatische Strafverfolgung findet beim Urheberrecht in der Regel nicht statt.<\/p>\n<p><!-- \/wp:paragraph --><\/p>\n<p><!-- wp:paragraph --><\/p>\n<p>Laut UrhG wird bei der H\u00f6he der Sanktionen <strong>unterschieden zwischen Privatpersonen und Gewerbetreibenden<\/strong>. Bei Privatpersonen kann beim Diebstahl des geistigen Eigentums als Strafe sowohl eine Geldstrafe als auch eine <strong>Freiheitsstrafe von bis zu drei Jahren<\/strong> drohen. Diente die Urheberrechtsverletzung einer gewerblichen Nutzung, kann die Freiheitsstrafe sogar bis zu f\u00fcnf Jahre umfassen.<\/p>\n<p><!-- \/wp:paragraph --><\/p>\n<p><!-- wp:paragraph --><\/p>\n<p><strong>\u00a9 Copyright \u2013 Urheberrechtshinweis<\/strong><\/p>\n<p><!-- \/wp:paragraph --><\/p>\n<p><!-- wp:paragraph --><\/p>\n<p>Alle Inhalte dieses Film- und Lehrangebots, insbesondere Filme, Texte, Fotografien und Grafiken, sind urheberrechtlich gesch\u00fctzt. Das Urheberrecht liegt, soweit nicht ausdr\u00fccklich anders gekennzeichnet, bei Sonja Weber. Bitte fragen Sie mich, falls Sie die Inhalte dieses Internetangebotes verwenden m\u00f6chten. Wer gegen das Urheberrecht verst\u00f6\u00dft (z.B. Bilder oder Texte unerlaubt kopiert), macht sich gem.\u00a0<a href=\"https:\/\/dejure.org\/gesetze\/UrhG\/106.html\">\u00a7\u00a7 106 ff UrhG<\/a>\u00a0strafbar, wird zudem kostenpflichtig abgemahnt und muss Schadensersatz leisten (<a href=\"https:\/\/dejure.org\/gesetze\/UrhG\/97.html\">\u00a7\u00a097 UrhG<\/a>).<\/p>\n<p><!-- \/wp:paragraph --><\/p>\n<p><!-- wp:heading --><\/p>\n<h2>Datenschutzerkl\u00e4rung<\/h2>\n<p><!-- \/wp:heading --><\/p>\n<p><!-- wp:heading {\"level\":3} --><\/p>\n<h3>1. Datenschutz auf einen Blick<\/h3>\n<p><!-- \/wp:heading --><\/p>\n<p><!-- wp:heading {\"level\":4} --><\/p>\n<h4><strong>Allgemeine Hinweise<\/strong><\/h4>\n<p><!-- \/wp:heading --><\/p>\n<p><!-- wp:paragraph --><\/p>\n<p>Die folgenden Hinweise geben einen einfachen \u00dcberblick dar\u00fcber, was mit Ihren personenbezogenen Daten passiert, wenn Sie unsere Website besuchen. Personenbezogene Daten sind alle Daten, mit denen Sie pers\u00f6nlich identifiziert werden k\u00f6nnen. Ausf\u00fchrliche Informationen zum Thema Datenschutz entnehmen Sie unserer unter diesem Text aufgef\u00fchrten Datenschutzerkl\u00e4rung.<\/p>\n<p><!-- \/wp:paragraph --><\/p>\n<p><!-- wp:heading {\"level\":4} --><\/p>\n<h4><strong>Datenerfassung auf unserer Website<\/strong><\/h4>\n<p><!-- \/wp:heading --><\/p>\n<p><!-- wp:paragraph --><\/p>\n<p><em>Wer ist verantwortlich f\u00fcr die Datenerfassung auf dieser Website?<\/em><br \/>Die Datenverarbeitung auf dieser Website erfolgt durch den Websitebetreiber. Dessen Kontaktdaten k\u00f6nnen Sie dem Impressum dieser Website entnehmen.<\/p>\n<p><!-- \/wp:paragraph --><\/p>\n<p><!-- wp:paragraph --><\/p>\n<p><em>Wie erfassen wir Ihre Daten?<\/em><br \/>Ihre Daten werden zum einen dadurch erhoben, dass Sie uns diese mitteilen. Hierbei kann es sich z.B. um Daten handeln, die Sie in ein Kontaktformular eingeben.<\/p>\n<p><!-- \/wp:paragraph --><\/p>\n<p><!-- wp:paragraph --><\/p>\n<p>Andere Daten werden automatisch beim Besuch der Website durch unsere IT-Systeme erfasst. Das sind vor allem technische Daten (z.B. Internetbrowser, Betriebssystem oder Uhrzeit des Seitenaufrufs). Die Erfassung dieser Daten erfolgt automatisch, sobald Sie unsere Website betreten.<\/p>\n<p><!-- \/wp:paragraph --><\/p>\n<p><!-- wp:paragraph --><\/p>\n<p><em>Wof\u00fcr nutzen wir Ihre Daten?<\/em><br \/>Ein Teil der Daten wird erhoben, um eine fehlerfreie Bereitstellung der Website zu gew\u00e4hrleisten. Andere Daten k\u00f6nnen zur Analyse Ihres Nutzerverhaltens verwendet werden.<\/p>\n<p><!-- \/wp:paragraph --><\/p>\n<p><!-- wp:paragraph --><\/p>\n<p><em>Welche Rechte haben Sie bez\u00fcglich Ihrer Daten?<\/em><br \/>Sie haben jederzeit das Recht unentgeltlich Auskunft \u00fcber Herkunft, Empf\u00e4nger und Zweck Ihrer gespeicherten personenbezogenen Daten zu erhalten. Sie haben au\u00dferdem ein Recht, die Berichtigung, Sperrung oder L\u00f6schung dieser Daten zu verlangen. Hierzu sowie zu weiteren Fragen zum Thema Datenschutz k\u00f6nnen Sie sich jederzeit unter der im Impressum angegebenen Adresse an uns wenden. Des Weiteren steht Ihnen ein Beschwerderecht bei der zust\u00e4ndigen Aufsichtsbeh\u00f6rde zu.<\/p>\n<p><!-- \/wp:paragraph --><\/p>\n<p><!-- wp:heading {\"level\":3} --><\/p>\n<h3>2. Allgemeine Hinweise und Pflichtinformationen<\/h3>\n<p><!-- \/wp:heading --><\/p>\n<p><!-- wp:heading {\"level\":4} --><\/p>\n<h4><strong>Datenschutz<\/strong><\/h4>\n<p><!-- \/wp:heading --><\/p>\n<p><!-- wp:paragraph --><\/p>\n<p>Die Betreiber dieser Seiten nehmen den Schutz Ihrer pers\u00f6nlichen Daten sehr ernst. Wir behandeln Ihre personenbezogenen Daten vertraulich und entsprechend der gesetzlichen Datenschutzvorschriften sowie dieser Datenschutzerkl\u00e4rung.<\/p>\n<p><!-- \/wp:paragraph --><\/p>\n<p><!-- wp:paragraph --><\/p>\n<p>Wenn Sie diese Website benutzen, werden verschiedene personenbezogene Daten erhoben. Personenbezogene Daten sind Daten, mit denen Sie pers\u00f6nlich identifiziert werden k\u00f6nnen. Die vorliegende Datenschutzerkl\u00e4rung erl\u00e4utert, welche Daten wir erheben und wof\u00fcr wir sie nutzen. Sie erl\u00e4utert auch, wie und zu welchem Zweck das geschieht.<\/p>\n<p><!-- \/wp:paragraph --><\/p>\n<p><!-- wp:paragraph --><\/p>\n<p>Wir weisen darauf hin, dass die Daten\u00fcbertragung im Internet (z.B. bei der Kommunikation per E-Mail) Sicherheitsl\u00fccken aufweisen kann. Ein l\u00fcckenloser Schutz der Daten vor dem Zugriff durch Dritte ist nicht m\u00f6glich.<\/p>\n<p><!-- \/wp:paragraph --><\/p>\n<p><!-- wp:heading {\"level\":4} --><\/p>\n<h4><strong>Hinweis zur verantwortlichen Stelle<\/strong><\/h4>\n<p><!-- \/wp:heading --><\/p>\n<p><!-- wp:paragraph --><\/p>\n<p>Die verantwortliche Stelle f\u00fcr die Datenverarbeitung auf dieser Website ist:<\/p>\n<p><!-- \/wp:paragraph --><\/p>\n<p><!-- wp:paragraph --><\/p>\n<p><strong>Sonja Weber<\/strong><br \/>Gronauer Hof<br \/>61118 Bad Vilbel<br \/><br \/>+49 (0)171.717 3063<br \/>post@sonja-weber-reitkunst.de<\/p>\n<p><!-- \/wp:paragraph --><\/p>\n<p><!-- wp:paragraph --><\/p>\n<p>Verantwortliche Stelle ist die nat\u00fcrliche oder juristische Person, die allein oder gemeinsam mit anderen \u00fcber die Zwecke und Mittel der Verarbeitung von personenbezogenen Daten (z.B. Namen, E-Mail-Adressen o. \u00c4.) entscheidet.<\/p>\n<p><!-- \/wp:paragraph --><\/p>\n<p><!-- wp:heading {\"level\":4} --><\/p>\n<h4><strong>Widerruf Ihrer Einwilligung zur Datenverarbeitung<\/strong><\/h4>\n<p><!-- \/wp:heading --><\/p>\n<p><!-- wp:paragraph --><\/p>\n<p>Viele Datenverarbeitungsvorg\u00e4nge sind nur mit Ihrer ausdr\u00fccklichen Einwilligung m\u00f6glich. Sie k\u00f6nnen eine bereits erteilte Einwilligung jederzeit widerrufen. Dazu reicht eine formlose Mitteilung per E-Mail an uns. Die Rechtm\u00e4\u00dfigkeit der bis zum Widerruf erfolgten Datenverarbeitung bleibt vom Widerruf unber\u00fchrt.<\/p>\n<p><!-- \/wp:paragraph --><\/p>\n<p><!-- wp:heading {\"level\":4} --><\/p>\n<h4><strong>Sicherheit<\/strong><\/h4>\n<p><!-- \/wp:heading --><\/p>\n<p><!-- wp:paragraph --><\/p>\n<p>Wir verwenden angemessene administrative, logische, physische und organisatorische Ma\u00dfnahmen, um Ihre personenbezogenen Daten vor Verlust, Diebstahl, unbefugtem Zugriff, unbefugter Verwendung und unbefugter Modifizierung zu sch\u00fctzen. Diese Ma\u00dfnahmen wurden entwickelt, um ein Sicherheitsniveau bereitzustellen, das den Risiken der Verarbeitung personenbezogener Daten entspricht. Leider k\u00f6nnen keine Ma\u00dfnahmen einen 100%igen Schutz garantieren. Aus diesem Grund k\u00f6nnen wir die Sicherheit Ihrer personenbezogenen Daten nicht garantieren.<\/p>\n<p><!-- \/wp:paragraph --><\/p>\n<p><!-- wp:heading {\"level\":4} --><\/p>\n<h4><strong>Schutz von Sonja Weber Reitkunst und anderen<\/strong><\/h4>\n<p><!-- \/wp:heading --><\/p>\n<p><!-- wp:paragraph --><\/p>\n<p>Sonja Weber kann Ihre personenbezogenen oder anderen Daten offenlegen oder anderweitig nutzen, wenn den Grund zur Annahme haben, dass eine Offenlegung notwendig ist, um (a) anwendbarem Recht, Vorschriften, rechtlichen Prozessen oder Anfragen von Beh\u00f6rden Folge zu leisten, (b) die anwendbaren Nutzungsbedingungen durchzusetzen, einschlie\u00dflich von Untersuchungen zu potenziellen Verletzungen derselben, (c) um illegale oder vermeintlich illegale Aktivit\u00e4ten (einschlie\u00dflich Zahlungsbetrug), Sicherheits- oder technische Probleme aufzudecken bzw. diesen vorzubeugen oder anderweitig anzugehen oder (d) vor der Verletzung der Rechte, des Eigentums oder der Sicherheit von Sonja Weber Reitkunst, ihren Benutzern oder der \u00d6ffentlichkeit zu sch\u00fctzen, wie vom Gesetz vorgeschrieben oder gestattet.<\/p>\n<p><!-- \/wp:paragraph --><\/p>\n<p><!-- wp:heading {\"level\":4} --><\/p>\n<h4><strong>Zugriff auf das Konto im Film- und Lernportal<\/strong><\/h4>\n<p><!-- \/wp:heading --><\/p>\n<p><!-- wp:paragraph --><\/p>\n<p>Anderen Personen Zugriff auf Ihr Konto zugeben ist untersagt und kann strafrechtlich verfolgt werden.<\/p>\n<p><!-- \/wp:paragraph --><\/p>\n<p><!-- wp:heading {\"level\":4} --><\/p>\n<h4><strong>Beschwerderecht bei der zust\u00e4ndigen Aufsichtsbeh\u00f6rde<\/strong><\/h4>\n<p><!-- \/wp:heading --><\/p>\n<p><!-- wp:paragraph --><\/p>\n<p>Im Falle datenschutzrechtlicher Verst\u00f6\u00dfe steht dem Betroffenen ein Beschwerderecht bei der zust\u00e4ndigen Aufsichtsbeh\u00f6rde zu. Zust\u00e4ndige Aufsichtsbeh\u00f6rde in datenschutzrechtlichen Fragen ist der Landesdatenschutzbeauftragte des Bundeslandes, in dem unser Unternehmen seinen Sitz hat. Eine Liste der Datenschutzbeauftragten sowie deren Kontaktdaten k\u00f6nnen folgendem Link entnommen werden: <a href=\"https:\/\/www.bfdi.bund.de\/DE\/Infothek\/Anschriften_Links\/anschriften_links-node.html\" target=\"_blank\" rel=\"noreferrer noopener\">https:\/\/www.bfdi.bund.de\/DE\/Infothek\/Anschriften_Links\/anschriften_links-node.html<\/a>.<\/p>\n<p><!-- \/wp:paragraph --><\/p>\n<p><!-- wp:heading {\"level\":4} --><\/p>\n<h4><strong>Recht auf Daten\u00fcbertragbarkeit<\/strong><\/h4>\n<p><!-- \/wp:heading --><\/p>\n<p><!-- wp:paragraph --><\/p>\n<p>Sie haben das Recht, Daten, die wir auf Grundlage Ihrer Einwilligung oder in Erf\u00fcllung eines Vertrags automatisiert verarbeiten, an sich oder an einen Dritten in einem g\u00e4ngigen, maschinenlesbaren Format aush\u00e4ndigen zu lassen. Sofern Sie die direkte \u00dcbertragung der Daten an einen anderen Verantwortlichen verlangen, erfolgt dies nur, soweit es technisch machbar ist.<\/p>\n<p><!-- \/wp:paragraph --><\/p>\n<p><!-- wp:heading {\"level\":4} --><\/p>\n<h4><strong>SSL- bzw. TLS-Verschl\u00fcsselung<\/strong><\/h4>\n<p><!-- \/wp:heading --><\/p>\n<p><!-- wp:paragraph --><\/p>\n<p>Diese Seite nutzt aus Sicherheitsgr\u00fcnden und zum Schutz der \u00dcbertragung vertraulicher Inhalte, wie zum Beispiel Bestellungen oder Anfragen, die Sie an uns als Seitenbetreiber senden, eine SSL-bzw. TLS-Verschl\u00fcsselung. Eine verschl\u00fcsselte Verbindung erkennen Sie daran, dass die Adresszeile des Browsers von \u201ehttp:\/\/\u201c auf \u201ehttps:\/\/\u201c wechselt und an dem Schloss-Symbol in Ihrer Browserzeile.<\/p>\n<p><!-- \/wp:paragraph --><\/p>\n<p><!-- wp:paragraph --><\/p>\n<p>Wenn die SSL- bzw. TLS-Verschl\u00fcsselung aktiviert ist, k\u00f6nnen die Daten, die Sie an uns \u00fcbermitteln, nicht von Dritten mitgelesen werden.<\/p>\n<p><!-- \/wp:paragraph --><\/p>\n<p><!-- wp:paragraph --><\/p>\n<p>Wir verwenden angemessene administrative, logische, physische und organisatorische Ma\u00dfnahmen, um Ihre personenbezogenen Daten vor Verlust, Diebstahl, unbefugtem Zugriff, unbefugter Verwendung und unbefugter Modifizierung zu sch\u00fctzen. Diese Ma\u00dfnahmen wurden entwickelt, um ein Sicherheitsniveau bereitzustellen, das den Risiken der Verarbeitung personenbezogener Daten entspricht. Leider k\u00f6nnen keine Ma\u00dfnahmen einen 100%igen Schutz garantieren. Aus diesem Grund k\u00f6nnen wir die Sicherheit Ihrer personenbezogenen Daten nicht garantieren.<\/p>\n<p><!-- \/wp:paragraph --><\/p>\n<p><!-- wp:heading {\"level\":4} --><\/p>\n<h4><strong>Auskunft, Sperrung, L\u00f6schung<\/strong><\/h4>\n<p><!-- \/wp:heading --><\/p>\n<p><!-- wp:paragraph --><\/p>\n<p>Sie haben im Rahmen der geltenden gesetzlichen Bestimmungen jederzeit das Recht auf unentgeltliche Auskunft \u00fcber Ihre gespeicherten personenbezogenen Daten, deren Herkunft und Empf\u00e4nger und den Zweck der Datenverarbeitung und ggf. ein Recht auf Berichtigung, Sperrung oder L\u00f6schung dieser Daten. Hierzu sowie zu weiteren Fragen zum Thema personenbezogene Daten k\u00f6nnen Sie sich jederzeit unter der im Impressum angegebenen Adresse an uns wenden.<\/p>\n<p><!-- \/wp:paragraph --><\/p>\n<p><!-- wp:heading {\"level\":4} --><\/p>\n<h4><strong>Widerspruch gegen Werbe-Mails<\/strong><\/h4>\n<p><!-- \/wp:heading --><\/p>\n<p><!-- wp:paragraph --><\/p>\n<p>Der Nutzung von im Rahmen der Impressumspflicht ver\u00f6ffentlichten Kontaktdaten zur \u00dcbersendung von nicht ausdr\u00fccklich angeforderter Werbung und Informationsmaterialien wird hiermit widersprochen. Die Betreiber der Seiten behalten sich ausdr\u00fccklich rechtliche Schritte im Falle der unverlangten Zusendung von Werbeinformationen, etwa durch Spam-E-Mails, vor.<\/p>\n<p><!-- \/wp:paragraph --><\/p>\n<p><!-- wp:heading {\"level\":3} --><\/p>\n<h3>3. Datenerfassung auf unserer Website<\/h3>\n<p><!-- \/wp:heading --><\/p>\n<p><!-- wp:heading {\"level\":4} --><\/p>\n<h4><strong>Cookies<\/strong><\/h4>\n<p><!-- \/wp:heading --><\/p>\n<p><!-- wp:paragraph --><\/p>\n<p>Die Internetseiten verwenden teilweise so genannte Cookies. Cookies richten auf Ihrem Rechner keinen Schaden an und enthalten keine Viren. Cookies dienen dazu, unser Angebot nutzerfreundlicher, effektiver und sicherer zu machen. Cookies sind kleine Textdateien, die auf Ihrem Rechner abgelegt werden und die Ihr Browser speichert.<\/p>\n<p><!-- \/wp:paragraph --><\/p>\n<p><!-- wp:paragraph --><\/p>\n<p>Die meisten der von uns verwendeten Cookies sind so genannte \u201eSession-Cookies\u201c. Sie werden nach Ende Ihres Besuchs automatisch gel\u00f6scht. Andere Cookies bleiben auf Ihrem Endger\u00e4t gespeichert bis Sie diese l\u00f6schen. Diese Cookies erm\u00f6glichen es uns, Ihren Browser beim n\u00e4chsten Besuch wiederzuerkennen.<\/p>\n<p><!-- \/wp:paragraph --><\/p>\n<p><!-- wp:paragraph --><\/p>\n<p>Sie k\u00f6nnen Ihren Browser so einstellen, dass Sie \u00fcber das Setzen von Cookies informiert werden und Cookies nur im Einzelfall erlauben, die Annahme von Cookies f\u00fcr bestimmte F\u00e4lle oder generell ausschlie\u00dfen sowie das automatische L\u00f6schen der Cookies beim Schlie\u00dfen des Browser aktivieren. Bei der Deaktivierung von Cookies kann die Funktionalit\u00e4t dieser Website eingeschr\u00e4nkt sein.<\/p>\n<p><!-- \/wp:paragraph --><\/p>\n<p><!-- wp:paragraph --><\/p>\n<p>Cookies, die zur Durchf\u00fchrung des elektronischen Kommunikationsvorgangs oder zur Bereitstellung bestimmter, von Ihnen erw\u00fcnschter Funktionen (z.B. Warenkorbfunktion) erforderlich sind, werden auf Grundlage von Art. 6 Abs. 1 lit. f DSGVO gespeichert. Der Websitebetreiber hat ein berechtigtes Interesse an der Speicherung von Cookies zur technisch fehlerfreien und optimierten Bereitstellung seiner Dienste. Soweit andere Cookies (z.B. Cookies zur Analyse Ihres Surfverhaltens) gespeichert werden, werden diese in dieser Datenschutzerkl\u00e4rung gesondert behandelt.<\/p>\n<h4><strong>Cookie-Einwilligung mit Borlabs Cookie<\/strong><\/h4>\n<p>Unsere Website nutzt die Cookie-Consent-Technologie von Borlabs Cookie, um Ihre Einwilligung zur Speicherung bestimmter Cookies in Ihrem Browser einzuholen und diese datenschutzkonform zu dokumentieren. Anbieter dieser Technologie ist Borlabs \u2013 Benjamin A. Bornschein, Georg-Wilhelm-Str. 17, 21107 Hamburg (im Folgenden Borlabs).<\/p>\n<p>Wenn Sie unsere Website betreten, wird ein Borlabs-Cookie in Ihrem Browser gespeichert, in dem die von Ihnen erteilten Einwilligungen oder der Widerruf dieser Einwilligungen gespeichert werden. Diese Daten werden nicht an den Anbieter von Borlabs Cookie weitergegeben.<\/p>\n<p>Die erfassten Daten werden gespeichert, bis Sie uns zur L\u00f6schung auffordern bzw. das Borlabs-Cookie selbst l\u00f6schen oder der Zweck f\u00fcr die Datenspeicherung entf\u00e4llt. Zwingende gesetzliche Aufbewahrungsfristen bleiben unber\u00fchrt. Details zur Datenverarbeitung von Borlabs Cookie finden Sie unter <a style=\"text-decoration: underline;\" href=\"https:\/\/de.borlabs.io\/kb\/welche-daten-speichert-borlabs-cookie\/\">https:\/\/de.borlabs.io\/kb\/welche-daten-speichert-borlabs-cookie\/<\/a><\/p>\n<p>Der Einsatz der Borlabs-Cookie-Consent-Technologie erfolgt, um die gesetzlich vorgeschriebenen Einwilligungen f\u00fcr den Einsatz von Cookies einzuholen. Rechtsgrundlage hierf\u00fcr ist Art. 6 Abs. 1 S. 1 lit. c DSGVO.<\/p>\n<p>Ihre Cookie Einstellungen k\u00f6nnen Sie hier anpassen: <span style=\"text-decoration: underline;\"><span class=\"borlabs-cookie-open-dialog-preferences \" data-borlabs-cookie-title=\"Cookie Einstellungen \u00e4ndern\" data-borlabs-cookie-type=\"link\" ><\/span><\/span><\/p>\n<p>Ihr Cookie-Auswahl-Verlauf:<\/p>\n<p><div class=\"brlbs-cmpnt-container\" data-borlabs-cookie-consent-history><\/div><\/p>\n<p><!-- \/wp:paragraph --><\/p>\n<p><!-- wp:heading {\"level\":4} --><\/p>\n<h4><strong>Server-Log-Dateien<\/strong><\/h4>\n<p><!-- \/wp:heading --><\/p>\n<p><!-- wp:paragraph --><\/p>\n<p>Der Provider der Seiten erhebt und speichert automatisch Informationen in so genannten Server-Log-Dateien, die Ihr Browser automatisch an uns \u00fcbermittelt. Dies sind:<\/p>\n<p><!-- \/wp:paragraph --><\/p>\n<p><!-- wp:list --><\/p>\n<ul>\n<li>Browsertyp und Browserversion<\/li>\n<li>verwendetes Betriebssystem<\/li>\n<li>Referrer URL<\/li>\n<li>Hostname des zugreifenden Rechners<\/li>\n<li>Uhrzeit der Serveranfrage<\/li>\n<li>IP-Adresse<\/li>\n<li>Eine Zusammenf\u00fchrung dieser Daten mit anderen Datenquellen wird nicht vorgenommen.<\/li>\n<li>Grundlage f\u00fcr die Datenverarbeitung ist Art. 6 Abs. 1 lit. f DSGVO, der die Verarbeitung von Daten zur Erf\u00fcllung eines Vertrags oder vorvertraglicher Ma\u00dfnahmen gestattet.<\/li>\n<\/ul>\n<p><!-- \/wp:list --><\/p>\n<p><!-- wp:heading {\"level\":4} --><\/p>\n<h4><strong>Kontaktformular<\/strong><\/h4>\n<p><!-- \/wp:heading --><\/p>\n<p><!-- wp:paragraph --><\/p>\n<p>Wenn Sie uns per Kontaktformular Anfragen zukommen lassen, werden Ihre Angaben aus dem Anfrageformular inklusive der von Ihnen dort angegebenen Kontaktdaten zwecks Bearbeitung der Anfrage und f\u00fcr den Fall von Anschlussfragen bei uns gespeichert. Diese Daten geben wir nicht ohne Ihre Einwilligung weiter.<\/p>\n<p><!-- \/wp:paragraph --><\/p>\n<p><!-- wp:paragraph --><\/p>\n<p>Die Verarbeitung der in das Kontaktformular eingegebenen Daten erfolgt somit ausschlie\u00dflich auf Grundlage Ihrer Einwilligung (Art. 6 Abs. 1 lit. a DSGVO). Sie k\u00f6nnen diese Einwilligung jederzeit widerrufen. Dazu reicht eine formlose Mitteilung per E-Mail an uns. Die Rechtm\u00e4\u00dfigkeit der bis zum Widerruf erfolgten Datenverarbeitungsvorg\u00e4nge bleibt vom Widerruf unber\u00fchrt.<\/p>\n<p><!-- \/wp:paragraph --><\/p>\n<p><!-- wp:paragraph --><\/p>\n<p>Die von Ihnen im Kontaktformular eingegebenen Daten verbleiben bei uns, bis Sie uns zur L\u00f6schung auffordern, Ihre Einwilligung zur Speicherung widerrufen oder der Zweck f\u00fcr die Datenspeicherung entf\u00e4llt (z.B. nach abgeschlossener Bearbeitung Ihrer Anfrage). Zwingende gesetzliche Bestimmungen \u2013 insbesondere Aufbewahrungsfristen \u2013 bleiben unber\u00fchrt.<\/p>\n<p><!-- \/wp:paragraph --><\/p>\n<p><!-- wp:heading --><\/p>\n<h2>AGB<\/h2>\n<p><!-- \/wp:heading --><\/p>\n<p><!-- wp:paragraph --><\/p>\n<p>Die Filme stehen Ihnen mindestens 5 Jahre zum Streaming zur Verf\u00fcgung. Der Anspruch erlischt nach den 5 Jahren falls das Film- und Lernportal gravierenden Ver\u00e4nderungen unterzogen oder aufgel\u00f6st wird.<\/p>\n<p><!-- \/wp:paragraph --><\/p>\n<p><!-- wp:heading {\"level\":3} --><\/p>\n<h3>Zugriff auf das Konto<\/h3>\n<p><!-- \/wp:heading --><\/p>\n<p><!-- wp:paragraph --><\/p>\n<p>Anderen Personen Zugriff auf Ihr Konto zugeben ist untersagt und kann strafrechtlich verfolgt werden.<\/p>\n<p><!-- \/wp:paragraph --><\/p>\n<p><!-- wp:paragraph --><\/p>\n<p>Laut UrhG wird bei der H\u00f6he der Sanktionen <strong>unterschieden zwischen Privatpersonen und Gewerbetreibenden<\/strong>. Bei Privatpersonen kann beim Diebstahl des geistigen Eigentums als Strafe sowohl eine Geldstrafe als auch eine <strong>Freiheitsstrafe von bis zu drei Jahren<\/strong> drohen. Diente die Urheberrechtsverletzung einer gewerblichen Nutzung, kann die Freiheitsstrafe sogar bis zu f\u00fcnf Jahre umfassen.<\/p>\n<p><!-- \/wp:paragraph --><\/p>\n<p><!-- wp:heading {\"level\":3} --><\/p>\n<h3>Kinder<\/h3>\n<p><!-- \/wp:heading --><\/p>\n<p><!-- wp:paragraph --><\/p>\n<p>Sie m\u00fcssen mindestens 18 Jahre alt sein, um ein Konto auf dem Film- und Lernportal zu er\u00f6ffnen.<\/p>\n<p><!-- \/wp:paragraph --><\/p>\n<p><!-- wp:heading {\"level\":3} --><\/p>\n<h3>Notwendige Cookies<\/h3>\n<p><!-- \/wp:heading --><\/p>\n<p><!-- wp:paragraph --><\/p>\n<p>Diese Cookies werden ben\u00f6tigt, damit wir unsere Website oder Online-Dienste zur Verf\u00fcgung stellen k\u00f6nnen. Wir k\u00f6nnen diese Cookies zum Beispiel verwenden, um unsere Mitglieder zu verifizieren und identifizieren, wenn sie unsere Websites verwenden, damit wir ihnen unseren Dienst anbieten k\u00f6nnen. Sie helfen uns au\u00dferdem dabei, unsere Nutzungsbedingungen durchzusetzen, Betrug vorzubeugen und die Sicherheit unseres Dienstes aufrechtzuerhalten.<\/p>\n<p><!-- \/wp:paragraph --><\/p>\n<p><!-- wp:heading {\"level\":3} --><\/p>\n<h3>Mitgliedschaft<\/h3>\n<p><!-- \/wp:heading --><\/p>\n<p><!-- wp:paragraph --><\/p>\n<p>Ihre Sonja Weber Reitkunst Film- und Lernportal-Mitgliedschaft l\u00e4uft automatisch bis zu Ihrer K\u00fcndigung. Um den Dienst verwenden zu k\u00f6nnen, ben\u00f6tigen Sie einen Internetzugang sowie ein kompatibles Ger\u00e4t und Sie m\u00fcssen eine oder mehrere Zahlungsarten angeben. Unter \u201eZahlungsart\u201c wird eine aktuelle, g\u00fcltige und akzeptierte Zahlungsart verstanden, die Sie von Zeit zu Zeit aktualisieren k\u00f6nnen und die die Zahlung \u00fcber Ihr Konto mit einer Drittpartei umfassen kann. Solange Sie Ihre Mitgliedschaft nicht vor Ihrem Rechnungsdatum k\u00fcndigen, erkl\u00e4ren Sie sich damit einverstanden, dass die Mitgliedsgeb\u00fchr f\u00fcr den jeweils darauffolgenden Abrechnungszeitraum von Ihrer Zahlungsart abgebucht wird (siehe Abschnitt \u201eK\u00fcndigung\u201c unten).<\/p>\n<p><!-- \/wp:paragraph --><\/p>\n<p><!-- wp:heading {\"level\":3} --><\/p>\n<h3>K\u00fcndigung<\/h3>\n<p><!-- \/wp:heading --><\/p>\n<p><!-- wp:paragraph --><\/p>\n<p>Sie k\u00f6nnen Ihre Mitgliedschaft jederzeit formlos k\u00fcndigen und haben bis zum Ende Ihres Abrechnungszeitraums weiterhin die M\u00f6glichkeit, den Dienst zu benutzen.<\/p>\n<p><!-- \/wp:paragraph --><\/p>\n<p><!-- wp:paragraph --><\/p>\n<p>Wenn Sie Ihre Mitgliedschaft k\u00fcndigen, wird Ihr Konto am Ende des laufenden Abrechnungszeitraums automatisch geschlossen.<\/p>\n<p><!-- \/wp:paragraph --><\/p>\n<p><!-- wp:heading {\"level\":3} --><\/p>\n<h3>\u00c4nderung am Preis- und Aboangebot<\/h3>\n<p><!-- \/wp:heading --><\/p>\n<p><!-- wp:paragraph --><\/p>\n<p>Unser Abo-Angebot und die Preise f\u00fcr den Sonja Weber Reitkunst Film- und Lernportal Dienst k\u00f6nnen sich gelegentlich \u00e4ndern. Jegliche \u00c4nderungen an Preisen und Ihrem Abo-Angebot werden jedoch nicht vor dem Ablauf von 30 Tagen nach der Benachrichtigung an Sie in Kraft treten.<\/p>\n<p><!-- \/wp:paragraph --><\/p>\n<p><!-- wp:heading {\"level\":3} --><\/p>\n<h3>Sonja Weber Reitkunst Film- und Lernportal Dienst<\/h3>\n<p><!-- \/wp:heading --><\/p>\n<p><!-- wp:paragraph --><\/p>\n<p>Der Dienst und s\u00e4mtliche Inhalte, die \u00fcber den Dienst angesehen werden k\u00f6nnen, sind ausschlie\u00dflich f\u00fcr Ihre pers\u00f6nliche und nicht kommerzielle Nutzung bestimmt und d\u00fcrfen nicht mit Personen, die nicht im gleichen Haushalt leben, geteilt werden. W\u00e4hrend Ihrer Mitgliedschaft gew\u00e4hren wir Ihnen ein beschr\u00e4nktes, nicht exklusives und nicht \u00fcbertragbares Recht, um auf den Sonja Weber Reitkunst Film- und Lernportal-Dienst zuzugreifen und Sonja Weber Reitkunst Film- und LernportalInhalte anzusehen. Abgesehen davon werden keine Rechte, Titel oder Anspr\u00fcche an Sie \u00fcbertragen. Sie stimmen zu, den Dienst nicht f\u00fcr \u00f6ffentliche Vorf\u00fchrungen zu verwenden oder an Dritte weiter zu geben.<\/p>\n<p><!-- \/wp:paragraph --><\/p>\n<p><!-- wp:paragraph --><\/p>\n<p>Sie stimmen zu, Inhalte und Informationen, die auf dem Sonja Weber Reitkunst Film- und Lernportal zur Verf\u00fcgung stehen oder die Sie von oder durch den Sonja Weber Reitkunst Film- und Lernportal-Dienst erhalten haben, nicht zu archivieren, zu vervielf\u00e4ltigen, zu verbreiten, zu modifizieren, darzustellen, vorzuf\u00fchren, zu publizieren, zu lizenzieren, davon abgeleitete Werke zu kreieren, zum Kauf anzubieten oder zu nutzen.<\/p>\n<p><!-- \/wp:paragraph --><\/p>\n<p><!-- wp:paragraph --><\/p>\n<p>Sie stimmen au\u00dferdem zu, jeglichen Kopierschutz im Sonja Weber Reitkunst Film- und Lernportal-Dienst nicht zu umgehen, zu entfernen, zu \u00e4ndern, zu deaktivieren, herabzusetzen oder zu verhindern; keine Roboter, Spider, Web-Scraping oder andere automatisierte Vorg\u00e4nge zu verwenden, um auf den Sonja Weber Reitkunst Film- und Lernportal-Dienst zuzugreifen; keine Software oder anderen Produkte oder Prozesse, die \u00fcber den Sonja Weber Reitkunst Film- und Lernportal-Dienst zug\u00e4nglich sind, zu dekompilieren, r\u00fcckzuentwickeln oder zu zerlegen; keine Codes oder anderen Produkte einzuf\u00fcgen oder den Sonja Weber Reitkunst Film- und Lernportal-Dienst in anderer Weise zu manipulieren; sowie kein Data Mining, Sammeln von Daten oder andere Extraktionsverfahren zu verwenden. Au\u00dferdem stimmen Sie zu, keine Inhalte hochzuladen, zu posten, per E-Mail oder anderweitig zu senden oder zu \u00fcbermitteln, die der St\u00f6rung, Aufhebung oder Einschr\u00e4nkung der Funktion von Computer-Software\/-Hardware oder von Telekommunikationsger\u00e4ten in Verbindung mit dem Sonja Weber Reitkunst Film- und Lernportal-Dienst dienen. Dies gilt auch f\u00fcr jegliche Software-Viren oder andere Codes, Dateien und Programme. Falls Sie gegen diese Nutzungsbedingungen versto\u00dfen oder den Dienst auf illegale oder betr\u00fcgerische Weise nutzen, sind wir befugt, Ihre Nutzung unseres Dienstes zu k\u00fcndigen oder einzuschr\u00e4nken.<\/p>\n<p><!-- \/wp:paragraph --><\/p>\n<p><!-- wp:heading {\"level\":3} --><\/p>\n<h3>Aktualisierung<\/h3>\n<p><!-- \/wp:heading --><\/p>\n<p><!-- wp:paragraph --><\/p>\n<p>Der Sonja Weber Reitkunst Film- und Lernportal-Dienst, einschlie\u00dflich der Inhaltebibliothek, wird zeitweise aktualisiert<\/p>\n<p><!-- \/wp:paragraph --><\/p>\n<p><!-- wp:heading {\"level\":3} --><\/p>\n<h3>Darstellungsqualit\u00e4t<\/h3>\n<p><!-- \/wp:heading --><\/p>\n<p><!-- wp:paragraph --><\/p>\n<p>Die Darstellungsqualit\u00e4t der Sonja Weber Reitkunst Film- und Lernportal-Inhalte kann je nach Ger\u00e4t variieren und ist von verschiedenen Faktoren abh\u00e4ngig, wie Ihrem Aufenthaltsort, der verf\u00fcgbaren Bandbreite und\/oder der Geschwindigkeit Ihrer Internetverbindung.<\/p>\n<p><!-- \/wp:paragraph --><\/p>\n<p><!-- wp:heading {\"level\":3} --><\/p>\n<h3>Passw\u00f6rter und Kontozugriff<\/h3>\n<p><!-- \/wp:heading --><\/p>\n<p><!-- wp:paragraph --><\/p>\n<p>Das Mitglied, das das Sonja Weber Reitkunst Film- und Lernportal-Konto erstellt hat und dessen Zahlungsart mit den Mitgliedsgeb\u00fchren belastet wird (der \u201eKontoinhaber\u201c), hat Zugriff auf und Kontrolle \u00fcber das Sonja Weber Reitkunst Film- und Lernportal-Konto und die Sonja Weber Reitkunst Film- und Lernportal-kompatiblen Ger\u00e4te, die f\u00fcr den Zugriff auf den Sonja Weber Reitkunst Film- und Lernportal-Dienst genutzt werden, und ist somit f\u00fcr jegliche mit dem Sonja Weber Reitkunst Film- und Lernportal-Konto in Verbindung stehenden Aktivit\u00e4ten verantwortlich.<\/p>\n<p><!-- \/wp:paragraph --><\/p>\n<p><!-- wp:paragraph --><\/p>\n<p>Um die Kontrolle \u00fcber das Konto zu bewahren und den Zugriff durch Unbefugte zu verhindern (einschlie\u00dflich des Titelverlaufs f\u00fcr das jeweilige Konto), sollte der Kontoinhaber immer die Kontrolle \u00fcber die f\u00fcr den Zugriff auf den Dienst genutzten Sonja Weber Reitkunst Film- und Lernportal-kompatiblen Ger\u00e4te haben und das Passwort beziehungsweise die Kontoangaben zur gew\u00e4hlten Zahlungsart nicht an Dritte weitergeben. Sie sind daf\u00fcr verantwortlich, die im Zusammenhang mit Ihrem Konto bereitgestellten Informationen zu aktualisieren und stets daf\u00fcr zu sorgen, dass diese auf dem neuesten Stand sind. Um Sie und Sonja Weber Reitkunst vor Identit\u00e4tsdiebstahl oder anderen betr\u00fcgerischen Aktivit\u00e4ten zu sch\u00fctzen, ist Sonja Weber Reitkunst befugt, Ihre Mitgliedschaft zu beenden oder Ihr Konto vor\u00fcbergehend stillzulegen.<\/p>\n<p><!-- \/wp:paragraph --><\/p>\n<p><!-- wp:heading {\"level\":3} --><\/p>\n<h3>Geltendes Recht<\/h3>\n<p><!-- \/wp:heading --><\/p>\n<p><!-- wp:paragraph --><\/p>\n<p>Diese Nutzungsbedingungen unterliegen geltendem deutschem Recht. Die vorliegenden Bedingungen beschr\u00e4nken keine Verbraucherschutzrechte, die Ihnen gem\u00e4\u00df den zwingenden Gesetzen in Ihrem Wohnsitzland zustehen. Sonja Weber Reitkunst nimmt nicht an alternativen Streitbeilegungsverfahren vor einer Verbraucherschlichtungsstelle teil und ist dazu rechtlich auch nicht verpflichtet.<\/p>\n<p><!-- \/wp:paragraph --><\/p>\n<p><!-- wp:heading {\"level\":3} --><\/p>\n<h3>Elektronische Mitteilungen<\/h3>\n<p><!-- \/wp:heading --><\/p>\n<p><!-- wp:paragraph --><\/p>\n<p>Kontobezogene Informationen (z. B. Zahlungsautorisierungen, Rechnungen, \u00c4nderungen des Passwortes oder der Zahlungsart, Best\u00e4tigungs- und sonstige Mitteilungen) erhalten Sie ausschlie\u00dflich in elektronischer Form, zum Beispiel als E-Mails an die E-Mail-Adresse, die Sie bei Ihrer Registrierung angegeben haben.<\/p>\n<p><!-- \/wp:paragraph --><\/p>\n<p><!-- wp:heading {\"level\":3} --><\/p>\n<h3>Bestand<\/h3>\n<p><!-- \/wp:heading --><\/p>\n<p><!-- wp:paragraph --><\/p>\n<p>Sollten sich einzelne Bestimmungen dieser Nutzungsbedingungen als ung\u00fcltig, unrechtm\u00e4\u00dfig oder nicht vollstreckbar erweisen, bleiben die G\u00fcltigkeit, Rechtm\u00e4\u00dfigkeit und Vollstreckbarkeit der \u00fcbrigen Bestimmungen davon unber\u00fchrt.<\/p>\n<p><!-- \/wp:paragraph --><\/p>\n<p><!-- wp:heading {\"level\":4} --><\/p>\n<h4><strong>Zuletzt aktualisiert am 09.06.2020<\/strong><\/h4>\n<p><!-- \/wp:heading --><\/p>\t\t\t\t\t<\/div>\n\t\t\t\t\t\t<\/div>\n\t\t\t\t<\/div>\n\t\t\t\t\t\t<\/div>\n\t\t\t\t\t<\/div>\n\t\t<\/div>\n\t\t\t\t\t\t\t\t<\/div>\n\t\t\t\t\t<\/div>\n\t\t<\/section>\n\t\t\t\t\t\t<\/div>\n\t\t\t\t\t\t<\/div>\n\t\t\t\t\t<\/div>\n\t\t","protected":false},"excerpt":{"rendered":"<p>Urheberrecht, Datenschutz und AGB &#8211; Sonja Weber Reitkunst Film- und Lernportal Urheberrecht Das Sonja Weber Reitkunst Film- und Lernportals sowie alle dort zur Verf\u00fcgung gestellten Inhalte unterliegen dem Urheberrecht und sind als \u201eGeistiges Eigentum\u201c von Sonja Weber anzusehen. Dieses fasst die Schutzrechte von Urheberrecht und gewerblichen Rechtsschutz zusammen. Wird durch eine widerrechtliche Verwertung von urheberrechtlichen &hellip;<\/p>\n<p class=\"read-more\"> <a class=\"\" href=\"https:\/\/www.sonja-weber-reitkunst.de\/filme\/datenschutzerklaerung\/\"> <span class=\"screen-reader-text\">Urheberrecht, Datenschutz und AGB<\/span> Weiterlesen &raquo;<\/a><\/p>\n","protected":false},"author":1,"featured_media":0,"parent":0,"menu_order":0,"comment_status":"closed","ping_status":"open","template":"","meta":{"footnotes":""},"class_list":["post-3","page","type-page","status-publish","hentry"],"_links":{"self":[{"href":"https:\/\/www.sonja-weber-reitkunst.de\/filme\/wp-json\/wp\/v2\/pages\/3","targetHints":{"allow":["GET"]}}],"collection":[{"href":"https:\/\/www.sonja-weber-reitkunst.de\/filme\/wp-json\/wp\/v2\/pages"}],"about":[{"href":"https:\/\/www.sonja-weber-reitkunst.de\/filme\/wp-json\/wp\/v2\/types\/page"}],"author":[{"embeddable":true,"href":"https:\/\/www.sonja-weber-reitkunst.de\/filme\/wp-json\/wp\/v2\/users\/1"}],"replies":[{"embeddable":true,"href":"https:\/\/www.sonja-weber-reitkunst.de\/filme\/wp-json\/wp\/v2\/comments?post=3"}],"version-history":[{"count":26,"href":"https:\/\/www.sonja-weber-reitkunst.de\/filme\/wp-json\/wp\/v2\/pages\/3\/revisions"}],"predecessor-version":[{"id":28127,"href":"https:\/\/www.sonja-weber-reitkunst.de\/filme\/wp-json\/wp\/v2\/pages\/3\/revisions\/28127"}],"wp:attachment":[{"href":"https:\/\/www.sonja-weber-reitkunst.de\/filme\/wp-json\/wp\/v2\/media?parent=3"}],"curies":[{"name":"wp","href":"https:\/\/api.w.org\/{rel}","templated":true}]}}